{"id":27,"date":"2014-05-08T21:36:25","date_gmt":"2014-05-08T19:36:25","guid":{"rendered":"http:\/\/www.auszeit-an-der-aurach.de\/?page_id=27"},"modified":"2024-02-07T11:40:42","modified_gmt":"2024-02-07T09:40:42","slug":"gartenfuehrungen","status":"publish","type":"page","link":"http:\/\/www.auszeit-an-der-aurach.de\/?page_id=27","title":{"rendered":"Gartenf\u00fchrungen"},"content":{"rendered":"\n<h5>&nbsp;<\/h5>\n\n\n\n<div class=\"wp-container-2 wp-block-group\"><div class=\"wp-block-group__inner-container\">\n<div class=\"wp-container-1 wp-block-group\"><div class=\"wp-block-group__inner-container\">\n<h1 class=\"has-text-align-center has-large-font-size\" id=\"fuhrungen-durch-den-im-naturpark-frankenhohe-gelegenen-wunderschonen-bauerngarten-mit-einer-grosse-von-ca-5000m\u00b2\" style=\"font-size:24px\"><span style=\"color: #008000;\"><em>F\u00fchrungen durch den im Naturpark Frankenh\u00f6he gelegenen wundersch\u00f6nen Bauerngarten mit einer Gr\u00f6\u00dfe von ca. 5000m\u00b2<\/em><\/span><\/h1>\n<\/div><\/div>\n<\/div><\/div>\n\n\n\n<div class=\"wp-container-3 wp-block-group\"><div class=\"wp-block-group__inner-container\">\n<p><\/p>\n\n\n\n<p class=\"has-text-align-center\" style=\"font-size:18px\"><span style=\"color: #000000;\"><em>Gro\u00dfer farbenpr\u00e4chtiger Bauerngarten mit Obst- und Gem\u00fcsevielfalt. Fr\u00fchbeete und Gew\u00e4chshaus, uriges Blockhaus mit stimmungsvollem Feuerplatz. Stelzenhaus mit Garten- und Schwimmteichoase.<\/em><\/span><\/p>\n\n\n\n<p class=\"has-text-align-center\" style=\"font-size:18px\">Geeignet f\u00fcr:<\/p>\n\n\n\n<p class=\"has-text-align-center\" style=\"font-size:18px\">&#8211; Gartenliebhaber<\/p>\n\n\n\n<p class=\"has-text-align-center\" style=\"font-size:18px\">&#8211; Vereine<\/p>\n\n\n\n<p class=\"has-text-align-center\" style=\"font-size:18px\">&#8211; Gruppen ab 10 Personen<\/p>\n\n\n\n<p class=\"has-text-align-center\" style=\"font-size:18px\">&#8211; Seniorengruppen (gut zu Fu\u00df)<\/p>\n\n\n\n<p><\/p>\n\n\n\n<p><\/p>\n\n\n\n<p class=\"has-text-align-center\" style=\"font-size:18px\">Mittelfr\u00e4nkischer Teilnehmer im Wettbewerb &#8222;Bayerns sch\u00f6nster Bauerngarten 2018&#8220; des Bayerischen Rundfunks.<\/p>\n\n\n\n<p><\/p>\n<\/div><\/div>\n\n\n\n<div class=\"wp-block-image is-style-default\"><figure class=\"aligncenter is-resized\"><img loading=\"lazy\" src=\"https:\/\/www.br.de\/import\/audiovideo\/standbilder\/trailer-bayerns-schoenster-bauerngarten-bild-102~_v-img__16__9__l_-1dc0e8f74459dd04c91a0d45af4972b9069f1135.jpg?version=641ad\" alt=\"Bayerns sch\u00f6nster Bauerngarten | Bild: Bayerischer Rundfunk\" width=\"675\" height=\"380\"\/><figcaption><a rel=\"noreferrer noopener\" href=\"https:\/\/www.br.de\/presse\/inhalt\/pressemitteilungen\/wir-in-bayern-bayerns-schoenster-bauerngarten-100.html\" target=\"_blank\">https:\/\/www.br.de\/presse\/inhalt\/pres<\/a><a rel=\"noreferrer noopener\" href=\"https:\/\/www.br.de\/presse\/inhalt\/pressemitteilungen\/wir-in-bayern-bayerns-schoenster-bauerngarten-100.html\" target=\"_blank\"><\/a><a rel=\"noreferrer noopener\" href=\"https:\/\/www.br.de\/presse\/inhalt\/pressemitteilungen\/wir-in-bayern-bayerns-schoenster-bauerngarten-100.html\" target=\"_blank\">semitteilungen\/wir-in-bayern-bayerns-schoenster-bauerngarten-100.html<\/a><\/figcaption><\/figure><\/div>\n\n\n\n<p class=\"has-text-align-center\">&nbsp;&nbsp; &nbsp; &nbsp; &nbsp;<\/p>\n\n\n\n<div class=\"wp-block-image is-style-default\"><figure class=\"aligncenter is-resized\"><img loading=\"lazy\" src=\"https:\/\/www.lwg.bayern.de\/mam\/cms06\/gartenakademie\/bilder\/fittosize__207_0_5eaee137cea7f249a2a5e91f1f0df9d0_plakette_naturgarten.jpg\" alt=\"Plakette &quot;Bayern bl\u00fcht - Naturgarten&quot; f\u00fcr zertifizerte G\u00e4rten\" width=\"286\" height=\"189\"\/><figcaption>Seit 2021 ist mein Garten ein <strong>Zertifizierter Naturgarten<\/strong> <\/figcaption><\/figure><\/div>\n\n\n\n<figure class=\"wp-block-image size-large\"><a href=\"http:\/\/www.auszeit-an-der-aurach.de\/wp-content\/uploads\/2023\/06\/Bild_Artikel_05_2023-scaled.jpg\"><img loading=\"lazy\" width=\"1024\" height=\"787\" src=\"http:\/\/www.auszeit-an-der-aurach.de\/wp-content\/uploads\/2023\/06\/Bild_Artikel_05_2023-1024x787.jpg\" alt=\"\" class=\"wp-image-359\" srcset=\"http:\/\/www.auszeit-an-der-aurach.de\/wp-content\/uploads\/2023\/06\/Bild_Artikel_05_2023-1024x787.jpg 1024w, http:\/\/www.auszeit-an-der-aurach.de\/wp-content\/uploads\/2023\/06\/Bild_Artikel_05_2023-300x231.jpg 300w, http:\/\/www.auszeit-an-der-aurach.de\/wp-content\/uploads\/2023\/06\/Bild_Artikel_05_2023-768x591.jpg 768w, http:\/\/www.auszeit-an-der-aurach.de\/wp-content\/uploads\/2023\/06\/Bild_Artikel_05_2023-1536x1181.jpg 1536w, http:\/\/www.auszeit-an-der-aurach.de\/wp-content\/uploads\/2023\/06\/Bild_Artikel_05_2023-2048x1575.jpg 2048w, http:\/\/www.auszeit-an-der-aurach.de\/wp-content\/uploads\/2023\/06\/Bild_Artikel_05_2023-100x77.jpg 100w, http:\/\/www.auszeit-an-der-aurach.de\/wp-content\/uploads\/2023\/06\/Bild_Artikel_05_2023-150x115.jpg 150w, http:\/\/www.auszeit-an-der-aurach.de\/wp-content\/uploads\/2023\/06\/Bild_Artikel_05_2023-200x154.jpg 200w, http:\/\/www.auszeit-an-der-aurach.de\/wp-content\/uploads\/2023\/06\/Bild_Artikel_05_2023-450x346.jpg 450w, http:\/\/www.auszeit-an-der-aurach.de\/wp-content\/uploads\/2023\/06\/Bild_Artikel_05_2023-600x461.jpg 600w, http:\/\/www.auszeit-an-der-aurach.de\/wp-content\/uploads\/2023\/06\/Bild_Artikel_05_2023-900x692.jpg 900w\" sizes=\"(max-width: 1024px) 100vw, 1024px\" \/><\/a><figcaption>Auszug aus der Zeitung &#8222;Woche im Blick&#8220; aus der Fr\u00e4nkischen Landeszeitung<\/figcaption><\/figure>\n\n\n\n<div class=\"wp-container-4 wp-block-group\"><div class=\"wp-block-group__inner-container\">\n<figure class=\"wp-block-gallery has-nested-images columns-default is-cropped\">\n<figure class=\"wp-block-image size-large is-style-default\"><a href=\"http:\/\/www.auszeit-an-der-aurach.de\/wp-content\/uploads\/2022\/02\/20220206_135039-1-scaled.jpg\"><img loading=\"lazy\" width=\"730\" height=\"1024\" src=\"http:\/\/www.auszeit-an-der-aurach.de\/wp-content\/uploads\/2022\/02\/20220206_135039-1-730x1024.jpg\" alt=\"\" class=\"wp-image-354\" srcset=\"http:\/\/www.auszeit-an-der-aurach.de\/wp-content\/uploads\/2022\/02\/20220206_135039-1-730x1024.jpg 730w, http:\/\/www.auszeit-an-der-aurach.de\/wp-content\/uploads\/2022\/02\/20220206_135039-1-214x300.jpg 214w, http:\/\/www.auszeit-an-der-aurach.de\/wp-content\/uploads\/2022\/02\/20220206_135039-1-768x1078.jpg 768w, http:\/\/www.auszeit-an-der-aurach.de\/wp-content\/uploads\/2022\/02\/20220206_135039-1-1094x1536.jpg 1094w, http:\/\/www.auszeit-an-der-aurach.de\/wp-content\/uploads\/2022\/02\/20220206_135039-1-1459x2048.jpg 1459w, http:\/\/www.auszeit-an-der-aurach.de\/wp-content\/uploads\/2022\/02\/20220206_135039-1-100x140.jpg 100w, http:\/\/www.auszeit-an-der-aurach.de\/wp-content\/uploads\/2022\/02\/20220206_135039-1-150x211.jpg 150w, http:\/\/www.auszeit-an-der-aurach.de\/wp-content\/uploads\/2022\/02\/20220206_135039-1-200x281.jpg 200w, http:\/\/www.auszeit-an-der-aurach.de\/wp-content\/uploads\/2022\/02\/20220206_135039-1-300x421.jpg 300w, http:\/\/www.auszeit-an-der-aurach.de\/wp-content\/uploads\/2022\/02\/20220206_135039-1-450x632.jpg 450w, http:\/\/www.auszeit-an-der-aurach.de\/wp-content\/uploads\/2022\/02\/20220206_135039-1-600x842.jpg 600w, http:\/\/www.auszeit-an-der-aurach.de\/wp-content\/uploads\/2022\/02\/20220206_135039-1-900x1263.jpg 900w, http:\/\/www.auszeit-an-der-aurach.de\/wp-content\/uploads\/2022\/02\/20220206_135039-1-scaled.jpg 1824w\" sizes=\"(max-width: 730px) 100vw, 730px\" \/><\/a><\/figure>\n\n\n\n<figure class=\"wp-block-image size-large is-style-default\"><a href=\"http:\/\/www.auszeit-an-der-aurach.de\/wp-content\/uploads\/2022\/02\/20220206_134959-1-scaled.jpg\"><img loading=\"lazy\" width=\"747\" height=\"1024\" src=\"http:\/\/www.auszeit-an-der-aurach.de\/wp-content\/uploads\/2022\/02\/20220206_134959-1-747x1024.jpg\" alt=\"\" class=\"wp-image-353\" srcset=\"http:\/\/www.auszeit-an-der-aurach.de\/wp-content\/uploads\/2022\/02\/20220206_134959-1-747x1024.jpg 747w, http:\/\/www.auszeit-an-der-aurach.de\/wp-content\/uploads\/2022\/02\/20220206_134959-1-219x300.jpg 219w, http:\/\/www.auszeit-an-der-aurach.de\/wp-content\/uploads\/2022\/02\/20220206_134959-1-768x1053.jpg 768w, http:\/\/www.auszeit-an-der-aurach.de\/wp-content\/uploads\/2022\/02\/20220206_134959-1-1121x1536.jpg 1121w, http:\/\/www.auszeit-an-der-aurach.de\/wp-content\/uploads\/2022\/02\/20220206_134959-1-1494x2048.jpg 1494w, http:\/\/www.auszeit-an-der-aurach.de\/wp-content\/uploads\/2022\/02\/20220206_134959-1-100x137.jpg 100w, http:\/\/www.auszeit-an-der-aurach.de\/wp-content\/uploads\/2022\/02\/20220206_134959-1-150x206.jpg 150w, http:\/\/www.auszeit-an-der-aurach.de\/wp-content\/uploads\/2022\/02\/20220206_134959-1-200x274.jpg 200w, http:\/\/www.auszeit-an-der-aurach.de\/wp-content\/uploads\/2022\/02\/20220206_134959-1-300x411.jpg 300w, http:\/\/www.auszeit-an-der-aurach.de\/wp-content\/uploads\/2022\/02\/20220206_134959-1-450x617.jpg 450w, http:\/\/www.auszeit-an-der-aurach.de\/wp-content\/uploads\/2022\/02\/20220206_134959-1-600x822.jpg 600w, http:\/\/www.auszeit-an-der-aurach.de\/wp-content\/uploads\/2022\/02\/20220206_134959-1-900x1234.jpg 900w, http:\/\/www.auszeit-an-der-aurach.de\/wp-content\/uploads\/2022\/02\/20220206_134959-1-scaled.jpg 1868w\" sizes=\"(max-width: 747px) 100vw, 747px\" \/><\/a><\/figure>\n<figcaption class=\"blocks-gallery-caption\">Artikel aus der Zeitschrift &#8222;Inspiration&#8220;<\/figcaption><\/figure>\n<\/div><\/div>\n\n\n\n<div class=\"wp-block-columns\">\n<div class=\"wp-block-column\">\n<div class=\"wp-block-columns\">\n<div class=\"wp-block-column\"><\/div>\n<\/div>\n<\/div>\n\n\n\n<div class=\"wp-block-column\">\n<div class=\"wp-block-columns\">\n<div class=\"wp-block-column\" style=\"flex-basis:100%\"><\/div>\n<\/div>\n\n\n\n<p><\/p>\n<\/div>\n<\/div>\n\n\n\n<figure class=\"wp-block-image is-resized\"><a href=\"http:\/\/www.auszeit-an-der-aurach.de\/wp-content\/uploads\/2014\/05\/bild5.jpg\"><img loading=\"lazy\" src=\"http:\/\/www.auszeit-an-der-aurach.de\/wp-content\/uploads\/2014\/05\/bild5.jpg\" alt=\"bild5\" class=\"wp-image-53\" width=\"749\" height=\"1123\"\/><\/a><\/figure>\n\n\n\n<figure class=\"wp-block-image size-large\"><a href=\"http:\/\/www.auszeit-an-der-aurach.de\/wp-content\/uploads\/2014\/05\/guellich_c_KonstantinH\u00f6hne-0016.jpg\"><img loading=\"lazy\" width=\"1024\" height=\"682\" src=\"http:\/\/www.auszeit-an-der-aurach.de\/wp-content\/uploads\/2014\/05\/guellich_c_KonstantinH\u00f6hne-0016-1024x682.jpg\" alt=\"guellich_c_KonstantinH\u00f6hne-0016\" class=\"wp-image-229\" srcset=\"http:\/\/www.auszeit-an-der-aurach.de\/wp-content\/uploads\/2014\/05\/guellich_c_KonstantinH\u00f6hne-0016-1024x682.jpg 1024w, http:\/\/www.auszeit-an-der-aurach.de\/wp-content\/uploads\/2014\/05\/guellich_c_KonstantinH\u00f6hne-0016-300x200.jpg 300w, http:\/\/www.auszeit-an-der-aurach.de\/wp-content\/uploads\/2014\/05\/guellich_c_KonstantinH\u00f6hne-0016-100x66.jpg 100w, http:\/\/www.auszeit-an-der-aurach.de\/wp-content\/uploads\/2014\/05\/guellich_c_KonstantinH\u00f6hne-0016-150x100.jpg 150w, http:\/\/www.auszeit-an-der-aurach.de\/wp-content\/uploads\/2014\/05\/guellich_c_KonstantinH\u00f6hne-0016-200x133.jpg 200w, http:\/\/www.auszeit-an-der-aurach.de\/wp-content\/uploads\/2014\/05\/guellich_c_KonstantinH\u00f6hne-0016-450x300.jpg 450w, http:\/\/www.auszeit-an-der-aurach.de\/wp-content\/uploads\/2014\/05\/guellich_c_KonstantinH\u00f6hne-0016-600x400.jpg 600w, http:\/\/www.auszeit-an-der-aurach.de\/wp-content\/uploads\/2014\/05\/guellich_c_KonstantinH\u00f6hne-0016-900x600.jpg 900w\" sizes=\"(max-width: 1024px) 100vw, 1024px\" \/><\/a><\/figure>\n\n\n\n<p class=\"has-text-align-center\"><\/p>\n\n\n\n<figure class=\"wp-block-image size-large\"><a href=\"http:\/\/www.auszeit-an-der-aurach.de\/wp-content\/uploads\/2024\/02\/IMG-20240206-WA0004.jpg\"><img loading=\"lazy\" width=\"768\" height=\"1024\" src=\"http:\/\/www.auszeit-an-der-aurach.de\/wp-content\/uploads\/2024\/02\/IMG-20240206-WA0004-768x1024.jpg\" alt=\"\" class=\"wp-image-377\" srcset=\"http:\/\/www.auszeit-an-der-aurach.de\/wp-content\/uploads\/2024\/02\/IMG-20240206-WA0004-768x1024.jpg 768w, http:\/\/www.auszeit-an-der-aurach.de\/wp-content\/uploads\/2024\/02\/IMG-20240206-WA0004-225x300.jpg 225w, http:\/\/www.auszeit-an-der-aurach.de\/wp-content\/uploads\/2024\/02\/IMG-20240206-WA0004-100x133.jpg 100w, http:\/\/www.auszeit-an-der-aurach.de\/wp-content\/uploads\/2024\/02\/IMG-20240206-WA0004-150x200.jpg 150w, http:\/\/www.auszeit-an-der-aurach.de\/wp-content\/uploads\/2024\/02\/IMG-20240206-WA0004-200x267.jpg 200w, http:\/\/www.auszeit-an-der-aurach.de\/wp-content\/uploads\/2024\/02\/IMG-20240206-WA0004-300x400.jpg 300w, http:\/\/www.auszeit-an-der-aurach.de\/wp-content\/uploads\/2024\/02\/IMG-20240206-WA0004-450x600.jpg 450w, http:\/\/www.auszeit-an-der-aurach.de\/wp-content\/uploads\/2024\/02\/IMG-20240206-WA0004-600x800.jpg 600w, http:\/\/www.auszeit-an-der-aurach.de\/wp-content\/uploads\/2024\/02\/IMG-20240206-WA0004-900x1200.jpg 900w, http:\/\/www.auszeit-an-der-aurach.de\/wp-content\/uploads\/2024\/02\/IMG-20240206-WA0004.jpg 972w\" sizes=\"(max-width: 768px) 100vw, 768px\" \/><\/a><\/figure>\n\n\n\n<p class=\"has-text-align-center\"><\/p>\n","protected":false},"excerpt":{"rendered":"<p>&nbsp; F\u00fchrungen durch den im Naturpark Frankenh\u00f6he gelegenen wundersch\u00f6nen Bauerngarten mit einer Gr\u00f6\u00dfe von ca. 5000m\u00b2 Gro\u00dfer farbenpr\u00e4chtiger Bauerngarten mit Obst- und Gem\u00fcsevielfalt. Fr\u00fchbeete und Gew\u00e4chshaus, uriges Blockhaus mit stimmungsvollem Feuerplatz. Stelzenhaus mit Garten- und Schwimmteichoase. Geeignet f\u00fcr: &#8211; Gartenliebhaber &hellip;<\/p>\n<p class=\"read-more\"> <a class=\"more-link\" href=\"http:\/\/www.auszeit-an-der-aurach.de\/?page_id=27\"> <span class=\"screen-reader-text\">Gartenf\u00fchrungen<\/span> Read More &raquo;<\/a><\/p>\n","protected":false},"author":1,"featured_media":284,"parent":0,"menu_order":0,"comment_status":"closed","ping_status":"closed","template":"gutenberg-fullwidth.php","meta":[],"_links":{"self":[{"href":"http:\/\/www.auszeit-an-der-aurach.de\/index.php?rest_route=\/wp\/v2\/pages\/27"}],"collection":[{"href":"http:\/\/www.auszeit-an-der-aurach.de\/index.php?rest_route=\/wp\/v2\/pages"}],"about":[{"href":"http:\/\/www.auszeit-an-der-aurach.de\/index.php?rest_route=\/wp\/v2\/types\/page"}],"author":[{"embeddable":true,"href":"http:\/\/www.auszeit-an-der-aurach.de\/index.php?rest_route=\/wp\/v2\/users\/1"}],"replies":[{"embeddable":true,"href":"http:\/\/www.auszeit-an-der-aurach.de\/index.php?rest_route=%2Fwp%2Fv2%2Fcomments&post=27"}],"version-history":[{"count":53,"href":"http:\/\/www.auszeit-an-der-aurach.de\/index.php?rest_route=\/wp\/v2\/pages\/27\/revisions"}],"predecessor-version":[{"id":379,"href":"http:\/\/www.auszeit-an-der-aurach.de\/index.php?rest_route=\/wp\/v2\/pages\/27\/revisions\/379"}],"wp:featuredmedia":[{"embeddable":true,"href":"http:\/\/www.auszeit-an-der-aurach.de\/index.php?rest_route=\/wp\/v2\/media\/284"}],"wp:attachment":[{"href":"http:\/\/www.auszeit-an-der-aurach.de\/index.php?rest_route=%2Fwp%2Fv2%2Fmedia&parent=27"}],"curies":[{"name":"wp","href":"https:\/\/api.w.org\/{rel}","templated":true}]}}